{"id":62,"date":"2021-06-04T08:59:01","date_gmt":"2021-06-04T08:59:01","guid":{"rendered":"https:\/\/cdl-aragon.es\/congresosecah\/?page_id=62"},"modified":"2022-02-28T12:32:32","modified_gmt":"2022-02-28T12:32:32","slug":"area-septentrional-hispania","status":"publish","type":"page","link":"https:\/\/cdl-aragon.es\/congresosecah\/index.php\/area-septentrional-hispania\/","title":{"rendered":"\u00c1reas septentrionales de Hispania"},"content":{"rendered":"\n<h2 class=\"has-vivid-cyan-blue-color has-text-color wp-block-heading\">Navegaci\u00f3n y comercio cer\u00e1mico en las \u00e1reas septentrionales de Hispania: r\u00edas y estuarios<\/h2>\n\n\n\n<h4 class=\"wp-block-heading\">Por Carmen Fern\u00e1ndez Ochoa, \u00c1ngel Morillo Cerd\u00e1n y Rui Morais<\/h4>\n\n\n\n<div class=\"wp-block-columns is-layout-flex wp-container-core-columns-is-layout-9d6595d7 wp-block-columns-is-layout-flex\">\n<div class=\"wp-block-column is-vertically-aligned-center is-layout-flow wp-block-column-is-layout-flow\" style=\"flex-basis:40%\">\n<hr class=\"wp-block-separator aligncenter has-text-color has-background has-pale-cyan-blue-background-color has-pale-cyan-blue-color is-style-wide\"\/>\n<\/div>\n\n\n\n<div class=\"wp-block-column is-vertically-aligned-center is-layout-flow wp-block-column-is-layout-flow\">\n<p class=\"has-black-color has-text-color has-large-font-size\"><strong>Carmen Fern\u00e1ndez Ochoa<\/strong><\/p>\n<\/div>\n<\/div>\n\n\n\n<div class=\"wp-block-columns is-layout-flex wp-container-core-columns-is-layout-9d6595d7 wp-block-columns-is-layout-flex\">\n<div class=\"wp-block-column is-layout-flow wp-block-column-is-layout-flow\">\n<p class=\"has-black-color has-text-color\">Catedr\u00e1tica de Arqueolog\u00eda de la Universidad Aut\u00f3noma de Madrid. Especialista en arqueolog\u00eda hispanorromana, ha dirigido las excavaciones urbanas de Gij\u00f3n (Asturias) y la villa romana de Veranes en esta misma regi\u00f3n. Tambi\u00e9n es codirectora de la investigaci\u00f3n arqueol\u00f3gica de la ciudad romana de Sisapo (La Bienvenida, Ciudad Real), capital de la producci\u00f3n del cinabrio romano espa\u00f1ol. Ha sido investigadora principal en numerosos proyectos de I+D financiados a nivel nacional y ha promovido y dirigido algunos proyectos internacionales (Cultura 2000, Proyectos Internacionales MEC). Destacan sus estudios sobre las antiguas murallas, la navegaci\u00f3n atl\u00e1ntica y la reinterpretaci\u00f3n de las teor\u00edas sobre la romanizaci\u00f3n en el norte y noroeste de la Pen\u00ednsula Ib\u00e9rica. Es coeditora del volumen <em>La F\u00e1brica de Tabacos de Gij\u00f3n<\/em>. Arqueolog\u00eda e historia de un espacio milenario (2015) y actualmente colabora en el proyecto de la F\u00e1brica de Tabacos de Gij\u00f3n (2016-2018). Igualmente es coeditora del libro <em>Culinae<\/em>. <em>Cocinas y espacios culinarios en Hispania<\/em> (2020). Ha dirigido varios cursos de Formaci\u00f3n para arque\u00f3logos\u00a0 sobre producciones cer\u00e1micas y ha coeditado los vol\u00famenes II, III y IV sobre <em>Cer\u00e1mica Romana<\/em> publicados por el Museo Arqueol\u00f3gico de Regional (Alcal\u00e1 de Henares, Madrid) entre 1916 y 1919. \u00a0<\/p>\n<\/div>\n\n\n\n<div class=\"wp-block-column is-layout-flow wp-block-column-is-layout-flow\" style=\"flex-basis:25%\">\n<figure class=\"wp-block-image size-full\"><img loading=\"lazy\" decoding=\"async\" width=\"440\" height=\"440\" src=\"https:\/\/cdl-aragon.es\/congresosecah\/wp-content\/uploads\/2021\/09\/dc33b6bd-8532-49b3-9cd9-230b0f3f8f94.jpg\" alt=\"\" class=\"wp-image-518\" srcset=\"https:\/\/cdl-aragon.es\/congresosecah\/wp-content\/uploads\/2021\/09\/dc33b6bd-8532-49b3-9cd9-230b0f3f8f94.jpg 440w, https:\/\/cdl-aragon.es\/congresosecah\/wp-content\/uploads\/2021\/09\/dc33b6bd-8532-49b3-9cd9-230b0f3f8f94-300x300.jpg 300w, https:\/\/cdl-aragon.es\/congresosecah\/wp-content\/uploads\/2021\/09\/dc33b6bd-8532-49b3-9cd9-230b0f3f8f94-150x150.jpg 150w\" sizes=\"auto, (max-width: 440px) 100vw, 440px\" \/><\/figure>\n<\/div>\n<\/div>\n\n\n\n<div class=\"wp-block-columns is-layout-flex wp-container-core-columns-is-layout-9d6595d7 wp-block-columns-is-layout-flex\">\n<div class=\"wp-block-column is-vertically-aligned-center is-layout-flow wp-block-column-is-layout-flow\" style=\"flex-basis:50%\">\n<p class=\"has-black-color has-text-color has-large-font-size\"><strong>\u00c1ngel Morillo Cerd\u00e1n<\/strong><\/p>\n<\/div>\n\n\n\n<div class=\"wp-block-column is-vertically-aligned-top is-layout-flow wp-block-column-is-layout-flow\" style=\"flex-basis:50%\">\n<hr class=\"wp-block-separator has-text-color has-background has-pale-cyan-blue-background-color has-pale-cyan-blue-color is-style-wide\"\/>\n<\/div>\n<\/div>\n\n\n\n<div class=\"wp-block-columns is-layout-flex wp-container-core-columns-is-layout-9d6595d7 wp-block-columns-is-layout-flex\">\n<div class=\"wp-block-column is-layout-flow wp-block-column-is-layout-flow\" style=\"flex-basis:33.33%\">\n<figure class=\"wp-block-image size-large\"><img loading=\"lazy\" decoding=\"async\" width=\"1024\" height=\"684\" src=\"https:\/\/cdl-aragon.es\/congresosecah\/wp-content\/uploads\/2021\/09\/6q3OaFcQ-1024x684.jpeg\" alt=\"\" class=\"wp-image-500\" srcset=\"https:\/\/cdl-aragon.es\/congresosecah\/wp-content\/uploads\/2021\/09\/6q3OaFcQ-1024x684.jpeg 1024w, https:\/\/cdl-aragon.es\/congresosecah\/wp-content\/uploads\/2021\/09\/6q3OaFcQ-300x200.jpeg 300w, https:\/\/cdl-aragon.es\/congresosecah\/wp-content\/uploads\/2021\/09\/6q3OaFcQ-768x513.jpeg 768w, https:\/\/cdl-aragon.es\/congresosecah\/wp-content\/uploads\/2021\/09\/6q3OaFcQ-1536x1025.jpeg 1536w, https:\/\/cdl-aragon.es\/congresosecah\/wp-content\/uploads\/2021\/09\/6q3OaFcQ.jpeg 2048w\" sizes=\"auto, (max-width: 1024px) 100vw, 1024px\" \/><\/figure>\n<\/div>\n\n\n\n<div class=\"wp-block-column is-layout-flow wp-block-column-is-layout-flow\" style=\"flex-basis:75%\">\n<p class=\"has-black-color has-text-color\">Doctor&nbsp;en Geograf\u00eda e Historia (especialidad&nbsp;Arqueolog\u00eda)&nbsp;por la Facultad de Filosof\u00eda y Letras de la Universidad Aut\u00f3noma de Madrid,&nbsp;t\u00edtulo obtenido en 1996.&nbsp;Entre&nbsp;2000&nbsp;y 2007 fue&nbsp;Profesor Titular de Arqueolog\u00eda en la&nbsp;Universidad de Le\u00f3n, incorpor\u00e1ndose en noviembre de 2007 al Departamento de Ciencias&nbsp;y T\u00e9cnicas Historiogr\u00e1ficas y de Arqueolog\u00eda de la Universidad Complutense de Madrid.Desde febrero de 2017 es Catedr\u00e1tico de Arqueolog\u00eda en el mencionado departamento.Su&nbsp;labor cient\u00edfica se ha orientado al conocimiento de diversos aspectos relativos al proceso&nbsp;deimplantaci\u00f3n romana enla regi\u00f3n septentrional de la Pen\u00ednsulaIb\u00e9rica. Ha publicado&nbsp;numerosos estudios sobre cer\u00e1mica, numism\u00e1tica, fortificaciones, navegaci\u00f3n y&nbsp;comercio romanos y, especialmente, sobre los&nbsp;Arqueolog\u00eda militar romana en Espa\u00f1a,&nbsp;en particular los campamentos, dedicando especial atenci\u00f3n los yacimientos militares de&nbsp;Herrera de Pisuerga (Palencia), Astorga y,&nbsp;especialmente, Le\u00f3n.&nbsp;Es autor de varias&nbsp;monograf\u00edas m\u00e1s en colaboraci\u00f3n con diversos investigadores, adem\u00e1s de numerosas&nbsp;ediciones cient\u00edficas,&nbsp;cap\u00edtulos de libros, art\u00edculos en revistas indexadas de reconocido&nbsp;prestigio tanto espa\u00f1olas como extranjeras, as\u00ed como ponencias y comunicaciones a&nbsp;congresos.&nbsp;Ha participado en diversos proyectos de investigaci\u00f3n, habiendo dirigido&nbsp;varios proyectos del Plan Nacional de Investigaci\u00f3n sobre&nbsp;Arqueolog\u00eda Militar&nbsp;(I+D&nbsp;BHA2002-03305;I+D&nbsp;HUM2006-00534; I+D&nbsp;HAR 2011-24095 HIST;&nbsp;I+D HAR2017-85929-P), adem\u00e1s de otros proyectos concedidos por la Junta de Castilla y Le\u00f3n.&nbsp;Asimismo, ha asumido la participaci\u00f3n espa\u00f1ola en proyectos europeos como el&nbsp;Programa Cultura 2000:&nbsp;<em>Frontiers of the Roman Empire<\/em>( 2006-2007).&nbsp;Ha participado en&nbsp;una decena de prospecciones y excavaciones tanto&nbsp;en Castilla y Le\u00f3n como en&nbsp;Extremadura.Ha sido director cient\u00edfico y organizador de, entre otros, los dos&nbsp;<em>Congresos de Arqueolog\u00eda Militar Romana<\/em> en Hispania celebrados hasta la fecha, el&nbsp;primero en&nbsp;Segovia en 1998 (publicado en Anejos de Gladius 5, Madrid, 2002) y el&nbsp;segundo en Le\u00f3n en 2004 (Le\u00f3n, 2006). En septiembre de 2006 organiz\u00f3 el&nbsp;I<em>nternacional Congress of Roman Frontier Studiesen<\/em> Le\u00f3n, que se celebraba por&nbsp;primera vez en Espa\u00f1a.&nbsp;Ha sido comisario de varias exposiciones y es miembro de&nbsp;varios comit\u00e9s de redacci\u00f3n de revistas, habiendo sido director&nbsp;de la revista&nbsp;<em>Archivo&nbsp;Espa\u00f1ol de Arqueolog\u00eda<\/em>, del CSIC, entre 2016 y 2019.<\/p>\n<\/div>\n<\/div>\n\n\n\n<div class=\"wp-block-columns is-layout-flex wp-container-core-columns-is-layout-9d6595d7 wp-block-columns-is-layout-flex\">\n<div class=\"wp-block-column is-layout-flow wp-block-column-is-layout-flow\">\n<hr class=\"wp-block-separator has-text-color has-background has-pale-cyan-blue-background-color has-pale-cyan-blue-color is-style-wide\"\/>\n<\/div>\n\n\n\n<div class=\"wp-block-column is-layout-flow wp-block-column-is-layout-flow\">\n<p class=\"has-black-color has-text-color has-large-font-size\"><strong>Rui Manuel Lopes de Sousa Morais<\/strong><\/p>\n<\/div>\n<\/div>\n\n\n\n<div class=\"wp-block-columns is-layout-flex wp-container-core-columns-is-layout-9d6595d7 wp-block-columns-is-layout-flex\">\n<div class=\"wp-block-column is-layout-flow wp-block-column-is-layout-flow\" style=\"flex-basis:75%\">\n<p class=\"has-black-color has-text-color\">Nasceu no Porto em 1969 e \u00e9 licenciado&nbsp;em Hist\u00f3ria, variante de Arqueologia pela Universidade de Coimbra.&nbsp;Mestreem Arqueologia Urbana, doutorado em Arqueologia e com&nbsp;Agrega\u00e7\u00e3o em Arqueologia, na \u00e1rea do conhecimento de&nbsp;Materiais e&nbsp;Tecnologias pela Universidade do Minho. Foi professor na Universidade do&nbsp;Minho e \u00e9 atualmente Professor Auxiliar com Agrega\u00e7\u00e3o da Faculdade de&nbsp;Letras da Universidade do Porto. Entre os seus trabalhos de investiga\u00e7\u00e3o,&nbsp;tem dedicado uma aten\u00e7\u00e3o especial ao estudo do com\u00e9rcio na Antiguidade,&nbsp;com in\u00fameros trabalhos publicados, a t\u00edtulo individual ou com outros autores&nbsp;nacionais e estrangeiros.\u00c9 investigador do Centro de Estudos Cl\u00e1ssicos e&nbsp;Human\u00edsticos da Universidade de Coimbra (CECH). Foi consultor da Funda\u00e7\u00e3o&nbsp;Calouste Gulbenkian para as antiguidades e membro do Comit\u00e9 Cient\u00edfico do&nbsp;Projeto IBERIA GRAEGA.<\/p>\n<\/div>\n\n\n\n<div class=\"wp-block-column is-layout-flow wp-block-column-is-layout-flow\" style=\"flex-basis:33.33%\">\n<figure class=\"wp-block-image size-large\"><img loading=\"lazy\" decoding=\"async\" width=\"1009\" height=\"1024\" src=\"https:\/\/cdl-aragon.es\/congresosecah\/wp-content\/uploads\/2021\/09\/GOwEqXTQ-1009x1024.jpeg\" alt=\"\" class=\"wp-image-498\" srcset=\"https:\/\/cdl-aragon.es\/congresosecah\/wp-content\/uploads\/2021\/09\/GOwEqXTQ-1009x1024.jpeg 1009w, https:\/\/cdl-aragon.es\/congresosecah\/wp-content\/uploads\/2021\/09\/GOwEqXTQ-296x300.jpeg 296w, https:\/\/cdl-aragon.es\/congresosecah\/wp-content\/uploads\/2021\/09\/GOwEqXTQ-768x780.jpeg 768w, https:\/\/cdl-aragon.es\/congresosecah\/wp-content\/uploads\/2021\/09\/GOwEqXTQ-1513x1536.jpeg 1513w, https:\/\/cdl-aragon.es\/congresosecah\/wp-content\/uploads\/2021\/09\/GOwEqXTQ.jpeg 1592w\" sizes=\"auto, (max-width: 1009px) 100vw, 1009px\" \/><\/figure>\n<\/div>\n<\/div>\n\n\n\n<hr class=\"wp-block-separator has-text-color has-background has-pale-cyan-blue-background-color has-pale-cyan-blue-color is-style-wide\"\/>\n\n\n\n<h2 class=\"has-pale-cyan-blue-color has-text-color has-medium-font-size wp-block-heading\"><strong>Navegaci\u00f3n y comercio cer\u00e1mico en las \u00e1reas septentrionales de Hispania: r\u00edas y estuarios<\/strong><\/h2>\n\n\n\n<p class=\"has-normal-font-size\">En los \u00faltimos a\u00f1os estamos asistiendo al aut\u00e9ntico despertar de la arqueolog\u00eda romana en las \u00e1reas septentrionales de Hispania. Uno de los puntos de mayor trascendencia es el estudio del comercio y el intercambio de productos en \u00e9poca romana a trav\u00e9s de los medios de transporte mar\u00edtimo, que contribuye considerablemente a la transferencia de nuevos patrones culturales de raigambre romana en esta \u00e1rea.<\/p>\n\n\n\n<p class=\"has-normal-font-size\">Teniendo en cuenta las caracter\u00edsticas geogr\u00e1ficas de las \u00e1reas septentrionales de Hispania, r\u00edas y estuarios, espacios acu\u00e1ticos protegidos de vientos y corrientes, constituyen escenarios privilegiados para el transporte, carga y descarga de productos de todo tipo, entre los que los recipientes cer\u00e1micos son uno de los principales testimonios. En ellos se disponen un importante conjunto de puertos principales y secundarios, fondeaderos, muelles y otros enclaves mar\u00edtimos. En \u00e9poca romana, con la apertura de la costa atl\u00e1ntica y cant\u00e1brica a la navegaci\u00f3n romana, estos lugares funcionaron como puntos de apoyo para navegaci\u00f3n de altura y de corto radio, as\u00ed como para la denominada navegaci\u00f3n segmentada, que combin\u00f3 las dos modalidades. Estos asentamientos costeros funcionan adem\u00e1s como verdaderos centros de redistribuci\u00f3n y ruptura de carga, canalizando la circulaci\u00f3n de productos hacia las \u00e1reas interiores siguiendo los cursos de los r\u00edos e interconectando con las rutas terrestres m\u00e1s importantes.&nbsp;<\/p>\n","protected":false},"excerpt":{"rendered":"<p>Navegaci\u00f3n y comercio cer\u00e1mico en las \u00e1reas septentrionales de Hispania: r\u00edas y estuarios Por Carmen Fern\u00e1ndez Ochoa, \u00c1ngel Morillo Cerd\u00e1n y Rui Morais Carmen Fern\u00e1ndez Ochoa Catedr\u00e1tica de Arqueolog\u00eda de &#8230;<\/p>\n","protected":false},"author":1,"featured_media":0,"parent":0,"menu_order":0,"comment_status":"closed","ping_status":"closed","template":"","meta":{"footnotes":""},"class_list":["post-62","page","type-page","status-publish","hentry"],"_links":{"self":[{"href":"https:\/\/cdl-aragon.es\/congresosecah\/index.php\/wp-json\/wp\/v2\/pages\/62","targetHints":{"allow":["GET"]}}],"collection":[{"href":"https:\/\/cdl-aragon.es\/congresosecah\/index.php\/wp-json\/wp\/v2\/pages"}],"about":[{"href":"https:\/\/cdl-aragon.es\/congresosecah\/index.php\/wp-json\/wp\/v2\/types\/page"}],"author":[{"embeddable":true,"href":"https:\/\/cdl-aragon.es\/congresosecah\/index.php\/wp-json\/wp\/v2\/users\/1"}],"replies":[{"embeddable":true,"href":"https:\/\/cdl-aragon.es\/congresosecah\/index.php\/wp-json\/wp\/v2\/comments?post=62"}],"version-history":[{"count":19,"href":"https:\/\/cdl-aragon.es\/congresosecah\/index.php\/wp-json\/wp\/v2\/pages\/62\/revisions"}],"predecessor-version":[{"id":854,"href":"https:\/\/cdl-aragon.es\/congresosecah\/index.php\/wp-json\/wp\/v2\/pages\/62\/revisions\/854"}],"wp:attachment":[{"href":"https:\/\/cdl-aragon.es\/congresosecah\/index.php\/wp-json\/wp\/v2\/media?parent=62"}],"curies":[{"name":"wp","href":"https:\/\/api.w.org\/{rel}","templated":true}]}}